{"id":152,"date":"2023-04-17T13:25:36","date_gmt":"2023-04-17T20:25:36","guid":{"rendered":"https:\/\/telico.ca\/fr\/?page_id=152"},"modified":"2025-04-06T14:47:02","modified_gmt":"2025-04-06T21:47:02","slug":"a-propos","status":"publish","type":"page","link":"https:\/\/telico.ca\/fr\/a-propos\/","title":{"rendered":"\u00c0 Propos"},"content":{"rendered":"\n<div class=\"wp-block-cover is-style-hero\"><span aria-hidden=\"true\" class=\"wp-block-cover__background has-foreground-background-color has-background-dim-80 has-background-dim\"><\/span><img decoding=\"async\" loading=\"lazy\" width=\"2560\" height=\"1440\" class=\"wp-block-cover__image-background wp-image-298\" alt=\"\" src=\"https:\/\/telico.ca\/fr\/wp-content\/uploads\/2023\/04\/Telico-AboutUs-Hero.jpg\" data-object-fit=\"cover\" srcset=\"https:\/\/telico.ca\/fr\/wp-content\/uploads\/2023\/04\/Telico-AboutUs-Hero.jpg 2560w, https:\/\/telico.ca\/fr\/wp-content\/uploads\/2023\/04\/Telico-AboutUs-Hero-1200x675.jpg 1200w, https:\/\/telico.ca\/fr\/wp-content\/uploads\/2023\/04\/Telico-AboutUs-Hero-1920x1080.jpg 1920w, https:\/\/telico.ca\/fr\/wp-content\/uploads\/2023\/04\/Telico-AboutUs-Hero-768x432.jpg 768w, https:\/\/telico.ca\/fr\/wp-content\/uploads\/2023\/04\/Telico-AboutUs-Hero-1536x864.jpg 1536w, https:\/\/telico.ca\/fr\/wp-content\/uploads\/2023\/04\/Telico-AboutUs-Hero-2048x1152.jpg 2048w\" sizes=\"(max-width: 2560px) 100vw, 2560px\" \/><div class=\"wp-block-cover__inner-container\">\n<h1 class=\"wp-block-heading has-text-align-center\">Syst\u00e8me T\u00e9l\u00e9phonique Cloud <em>Penseurs hors<\/em> Normes<\/h1>\n<\/div><button class=\"hero-scroll\">Scroll<\/button><\/div>\n\n\n\n<div class=\"wp-block-group is-style-page-section is-style-about-story-section is-layout-flow\">\n<div class=\"wp-block-group is-style-section-intro-cap is-content-justification-space-between is-nowrap is-layout-flex wp-container-1\">\n<figure class=\"wp-block-image size-full\"><img decoding=\"async\" loading=\"lazy\" width=\"43\" height=\"58\" src=\"https:\/\/telico.ca\/fr\/wp-content\/uploads\/2023\/04\/telico-icon.png\" alt=\"\" class=\"wp-image-155\"\/><\/figure>\n\n\n\n<p>N\u00e9 \u00e0 Montr\u00e9al, Qu\u00e9bec<\/p>\n<\/div>\n\n\n\n<p class=\"is-style-leading-paragraph is-style-about-preamble\">Notre vision est simple : favoriser un avenir plus inclusif et connect\u00e9, et les syst\u00e8mes t\u00e9l\u00e9phoniques bas\u00e9s sur le cloud sont simplement notre moyen d&#8217;y parvenir. Pas notre raison d&#8217;\u00eatre. Nous d\u00e9fendons les technologies de communication \u00e9mergentes, conscients de leur pouvoir de transformer non seulement le paysage num\u00e9rique, mais aussi notre fa\u00e7on de communiquer et de faire des affaires \u00e0 l&#8217;\u00e9chelle mondiale.<\/p>\n\n\n\n<p class=\"is-style-leading-paragraph is-style-about-preamble\">Ce que nous accomplissons aujourd&#8217;hui pose les bases d&#8217;un avenir plus solide et plus immersif, et c&#8217;est une responsabilit\u00e9 que nous prenons tr\u00e8s au s\u00e9rieux.<\/p>\n\n\n\n<div class=\"wp-block-media-text alignwide is-stacked-on-mobile is-image-fill is-style-about-story\"><figure class=\"wp-block-media-text__media\" style=\"background-image:url(https:\/\/telico.ca\/fr\/wp-content\/uploads\/2023\/04\/telico-about-our-story.jpg);background-position:50% 50%\"><img decoding=\"async\" loading=\"lazy\" width=\"1008\" height=\"1031\" src=\"https:\/\/telico.ca\/fr\/wp-content\/uploads\/2023\/04\/telico-about-our-story.jpg\" alt=\"\" class=\"wp-image-156 size-full\" srcset=\"https:\/\/telico.ca\/fr\/wp-content\/uploads\/2023\/04\/telico-about-our-story.jpg 1008w, https:\/\/telico.ca\/fr\/wp-content\/uploads\/2023\/04\/telico-about-our-story-768x786.jpg 768w\" sizes=\"(max-width: 1008px) 100vw, 1008px\" \/><\/figure><div class=\"wp-block-media-text__content\">\n<h2 class=\"wp-block-heading\">Possibilit\u00e9 Illimit\u00e9e<\/h2>\n\n\n\n<p>Telico est une marque pour les penseurs, les premiers adoptants, les passionn\u00e9s de technologie, les esprits d&#8217;affaires et les am\u00e9liorateurs de productivit\u00e9. Pour les personnes qui cherchent \u00e0 am\u00e9liorer strat\u00e9giquement les syst\u00e8mes d&#8217;entreprise avec les derni\u00e8res technologies VoIP. Telico est l\u00e0 pour vous, pour eux et pour tous ceux qui cherchent \u00e0 communiquer de mani\u00e8re plus efficace.<\/p>\n\n\n\n<p>Nous croyons en des possibilit\u00e9s illimit\u00e9es. En se demandant o\u00f9 la technologie peut nous mener, puis en trouvant un moyen de transformer cette curiosit\u00e9 en r\u00e9alit\u00e9. Nous remettons constamment en question et apprenons tout ce que nous pouvons sur les derni\u00e8res technologies cloud afin de vous \u00e9quiper des outils dont vous avez besoin pour avoir un avantage en mati\u00e8re de communication.<\/p>\n\n\n\n<div class=\"wp-block-buttons is-layout-flex\">\n<div class=\"wp-block-button\"><a class=\"wp-block-button__link wp-element-button\" href=\"#!\/team\"><span class=\"wp-block-button__link-doodad\"><svg xmlns=\"http:\/\/www.w3.org\/2000\/svg\" viewBox=\"0 0 14 21\" width=\"14\" height=\"21\"><g fill=\"currentColor\"><circle cx=\"10.5\" cy=\"10.5\" r=\"3.5\"\/><circle cx=\"3.5\" cy=\"3.5\" r=\"3.5\"\/><circle cx=\"3.5\" cy=\"17.5\" r=\"3.5\"\/><\/g><\/svg><\/span>Rencontrez notre \u00e9quipe<\/a><\/div>\n<\/div>\n<\/div><\/div>\n<\/div>\n\n\n\n<div class=\"wp-block-group is-style-page-section is-style-about-values-section has-gray-color has-dark-gray-background-color has-text-color has-background is-layout-flow\">\n<div class=\"wp-block-group is-style-fact-wrapper is-nowrap is-layout-flex wp-container-12\">\n<div class=\"wp-block-group has-foreground-background-color has-background is-layout-flow\">\n<h2 class=\"wp-block-heading has-background-color has-text-color\">Valeurs Fondamentales<\/h2>\n<\/div>\n\n\n\n<div class=\"wp-block-group is-style-fact-list has-foreground-background-color has-background is-layout-flow\">\n<div class=\"wp-block-group is-nowrap is-layout-flex wp-container-6\">\n<figure class=\"wp-block-image size-full\"><img decoding=\"async\" loading=\"lazy\" width=\"100\" height=\"100\" src=\"https:\/\/telico.ca\/fr\/wp-content\/uploads\/2023\/04\/Telico-Embody-Excellence.png\" alt=\"\" class=\"wp-image-297\"\/><\/figure>\n\n\n\n<div class=\"wp-block-group is-layout-flow\">\n<h3 class=\"wp-block-heading has-background-color has-text-color\">Nous incarnons l&#8217;excellence.<\/h3>\n\n\n\n<p>Nos actions, bien plus que nos paroles, nous distinguent. Nous faisons ce que nous disons, en respectant toujours nos engagements. Nous sommes le genre de personnes qui sont pr\u00e9sentes, sur qui vous pouvez compter et qui vous assurent tranquillit\u00e9 d&#8217;esprit en sachant que nous sommes de votre c\u00f4t\u00e9.<\/p>\n<\/div>\n<\/div>\n\n\n\n<div class=\"wp-block-group is-nowrap is-layout-flex wp-container-8\">\n<figure class=\"wp-block-image size-full\"><img decoding=\"async\" loading=\"lazy\" width=\"100\" height=\"100\" src=\"https:\/\/telico.ca\/fr\/wp-content\/uploads\/2023\/04\/Telico-Adopt-Early.png\" alt=\"\" class=\"wp-image-295\"\/><\/figure>\n\n\n\n<div class=\"wp-block-group is-layout-flow\">\n<h3 class=\"wp-block-heading has-background-color has-text-color\">Nous sommes des adopteurs pr\u00e9coces.<\/h3>\n\n\n\n<p>La technologie est notre moteur et notre aspiration. Tout ce qui concerne la VoIP, l&#8217;IA, la r\u00e9alit\u00e9 mixte et les communications unifi\u00e9es nous obs\u00e8de, nous demandant comment cela changera l&#8217;avenir. Mais pendant la journ\u00e9e, nous sommes obs\u00e9d\u00e9s par la conduite du changement et la transformation du monde des affaires de demain.<\/p>\n<\/div>\n<\/div>\n\n\n\n<div class=\"wp-block-group is-nowrap is-layout-flex wp-container-10\">\n<figure class=\"wp-block-image size-full\"><img decoding=\"async\" loading=\"lazy\" width=\"100\" height=\"100\" src=\"https:\/\/telico.ca\/fr\/wp-content\/uploads\/2023\/04\/Telico-Connect-Reliably.png\" alt=\"\" class=\"wp-image-296\"\/><\/figure>\n\n\n\n<div class=\"wp-block-group is-layout-flow\">\n<h3 class=\"wp-block-heading has-background-color has-text-color\">Nous assurons une connexion fiable.<\/h3>\n\n\n\n<p>La fiabilit\u00e9 est l&#8217;\u00e9pine dorsale des communications et des syst\u00e8mes t\u00e9l\u00e9phoniques bas\u00e9s sur le cloud. Nos m\u00e9thodes novatrices et originales se traduisent par une connectivit\u00e9 permanente, 24 heures sur 24, 7 jours sur 7. S\u00e9rieusement, nous ne tol\u00e9rons pas les interruptions, \u00e0 moins de perturber le statu quo.<\/p>\n<\/div>\n<\/div>\n<\/div>\n<\/div>\n\n\n\n<div class=\"wp-block-group is-layout-flow\">\n<h2 class=\"wp-block-heading has-text-align-left has-background-color has-text-color\">Fiables, passionn\u00e9s de technologie et connaisseurs en communication, voil\u00e0 quelques mots qui nous <em>d\u00e9crivent<\/em> .<\/h2>\n\n\n\n<div class=\"wp-block-columns is-style-homepage-communication-bottom is-layout-flex wp-container-16\">\n<div class=\"wp-block-column is-layout-flow\" style=\"flex-basis:50%\">\n<p>Nous \u00e9largissons continuellement notre \u00e9quipe de personnes dynamiques et d\u00e9termin\u00e9es, en d\u00e9veloppant nos op\u00e9rations pour connecter le monde de mani\u00e8re plus vaste et centr\u00e9e sur la technologie.<\/p>\n<\/div>\n\n\n\n<div class=\"wp-block-column is-layout-flow\" style=\"flex-basis:50%\">\n<div class=\"wp-block-buttons is-content-justification-right is-layout-flex wp-container-14\">\n<div class=\"wp-block-button\"><a class=\"wp-block-button__link has-background-background-color has-background wp-element-button\" href=\"https:\/\/telico.ca\/fr\/careers\/\"><span class=\"wp-block-button__link-doodad\"><svg xmlns=\"http:\/\/www.w3.org\/2000\/svg\" viewBox=\"0 0 14 21\" width=\"14\" height=\"21\"><g fill=\"currentColor\"><circle cx=\"10.5\" cy=\"10.5\" r=\"3.5\"\/><circle cx=\"3.5\" cy=\"3.5\" r=\"3.5\"\/><circle cx=\"3.5\" cy=\"17.5\" r=\"3.5\"\/><\/g><\/svg><\/span>Rejoignez notre \u00e9quipe<\/a><\/div>\n<\/div>\n<\/div>\n<\/div>\n<\/div>\n<\/div>\n\n\n\n<div id=\"team\" class=\"wp-block-group is-style-page-section is-style-about-team-section has-background-color has-darker-gray-background-color has-text-color has-background is-layout-flow\">\n<h2 class=\"wp-block-heading has-text-align-center\">Notre \u00e9quipe de  <em>direction<\/em> <\/h2>\n\n\n<div class=\"wp-block-telico-team-cards\">\n\n  <div class=\"team-cards\">\n\n    \n        <div class=\"card-wrapper\">\n\n      <a href=\"#!\/team\/viraj-mehta\" class=\"card\">\n        <figure><img width=\"842\" height=\"842\" src=\"https:\/\/telico.ca\/fr\/wp-content\/uploads\/2023\/04\/7A5809A2-9B31-49DB-806C-C47C25847438@2x.png\" class=\"attachment-large size-large\" alt=\"\" decoding=\"async\" loading=\"lazy\" srcset=\"https:\/\/telico.ca\/fr\/wp-content\/uploads\/2023\/04\/7A5809A2-9B31-49DB-806C-C47C25847438@2x.png 842w, https:\/\/telico.ca\/fr\/wp-content\/uploads\/2023\/04\/7A5809A2-9B31-49DB-806C-C47C25847438@2x-768x768.png 768w, https:\/\/telico.ca\/fr\/wp-content\/uploads\/2023\/04\/7A5809A2-9B31-49DB-806C-C47C25847438@2x-782x782.png 782w\" sizes=\"(max-width: 842px) 100vw, 842px\" \/><\/figure>\n        <h3>Viraj Mehta<\/h3>\n        <div class=\"role-cta-wrapper\">\n          <span class=\"role\">PDG et Fondateur<\/span>\n          <span class=\"cta\">View Bio<\/span>\n        <\/div>\n      <\/a>\n      <div style=\"display:none;\">\n        <div class=\"bio-modal-content\" id=\"bio-viraj-mehta\">\n          <h2>Viraj Mehta<\/h2>\n          <div class=\"role\">PDG et Fondateur<\/div>\n          <div class=\"group w-full text-gray-800 dark:text-gray-100 border-b border-black\/10 dark:border-gray-900\/50 bg-gray-50 dark:bg-[#444654]\">\n<div class=\"flex p-4 gap-4 text-base md:gap-6 md:max-w-2xl lg:max-w-xl xl:max-w-3xl md:py-6 lg:px-0 m-auto\">\n<div class=\"relative flex w-[calc(100%-50px)] flex-col gap-1 md:gap-3 lg:w-[calc(100%-115px)]\">\n<div class=\"flex flex-grow flex-col gap-3\">\n<div class=\"min-h-[20px] flex flex-col items-start gap-4 whitespace-pre-wrap break-words\">\n<div class=\"markdown prose w-full break-words dark:prose-invert light\">\n<p>Associant une r\u00e9flexion tourn\u00e9e vers l&#8217;avenir et un esprit d&#8217;entrepreneuriat cr\u00e9atif \u00e0 une formation en ing\u00e9nierie de l&#8217;Universit\u00e9 McGill, Viraj est l&#8217;ultime technophile. En fondant Telico pour transformer l&#8217;industrie des t\u00e9l\u00e9communications, Viraj cr\u00e9e une vague de perturbation avec ses grandes id\u00e9es et des solutions encore plus grandes, ce qui favorise la croissance de l&#8217;entreprise et l&#8217;innovation \u00e0 l&#8217;\u00e9chelle de l&#8217;industrie.<\/p>\n<\/div>\n<\/div>\n<\/div>\n<\/div>\n<\/div>\n<\/div>\n        <\/div>\n      <\/div>\n\n    <\/div>\n        <div class=\"card-wrapper\">\n\n      <a href=\"#!\/team\/mohamed-ferrouga\" class=\"card\">\n        <figure><img width=\"842\" height=\"842\" src=\"https:\/\/telico.ca\/fr\/wp-content\/uploads\/2023\/04\/2E3B5393-82EE-4BBB-B670-CBACA177ADC2@2x.png\" class=\"attachment-large size-large\" alt=\"\" decoding=\"async\" loading=\"lazy\" srcset=\"https:\/\/telico.ca\/fr\/wp-content\/uploads\/2023\/04\/2E3B5393-82EE-4BBB-B670-CBACA177ADC2@2x.png 842w, https:\/\/telico.ca\/fr\/wp-content\/uploads\/2023\/04\/2E3B5393-82EE-4BBB-B670-CBACA177ADC2@2x-768x768.png 768w, https:\/\/telico.ca\/fr\/wp-content\/uploads\/2023\/04\/2E3B5393-82EE-4BBB-B670-CBACA177ADC2@2x-782x782.png 782w\" sizes=\"(max-width: 842px) 100vw, 842px\" \/><\/figure>\n        <h3>Mohamed Ferrouga<\/h3>\n        <div class=\"role-cta-wrapper\">\n          <span class=\"role\"> Administrateur R\u00e9seau<\/span>\n          <span class=\"cta\">View Bio<\/span>\n        <\/div>\n      <\/a>\n      <div style=\"display:none;\">\n        <div class=\"bio-modal-content\" id=\"bio-mohamed-ferrouga\">\n          <h2>Mohamed Ferrouga<\/h2>\n          <div class=\"role\"> Administrateur R\u00e9seau<\/div>\n          <p>\u00catre un expert en technologie ne suffit pas \u00e0 d\u00e9crire Mohamed. Il est un sp\u00e9cialiste exceptionnel du support technique, d\u00e9vou\u00e9 \u00e0 r\u00e9soudre les probl\u00e8mes avec une d\u00e9termination in\u00e9branlable. Il n&#8217;y a (presque) aucun probl\u00e8me qu&#8217;il ne puisse r\u00e9soudre, et son approche ax\u00e9e sur les personnes et ses connaissances en communication lui ont valu une reconnaissance \u00e0 l&#8217;\u00e9chelle de l&#8217;industrie en tant que leader dans son domaine.<\/p>\n        <\/div>\n      <\/div>\n\n    <\/div>\n    \n  <\/div>\n\n<\/div>\n<\/div>\n\n\n\n<div class=\"wp-block-cover is-style-page-section is-style-about-quote-section\"><span aria-hidden=\"true\" class=\"wp-block-cover__background has-foreground-background-color has-background-dim-70 has-background-dim\"><\/span><img decoding=\"async\" loading=\"lazy\" width=\"2560\" height=\"1707\" class=\"wp-block-cover__image-background wp-image-20\" alt=\"\" src=\"https:\/\/telico.ca\/fr\/wp-content\/uploads\/2023\/04\/dylan-gillis-KdeqA3aTnBY-unsplash-scaled.jpg\" data-object-fit=\"cover\" srcset=\"https:\/\/telico.ca\/fr\/wp-content\/uploads\/2023\/04\/dylan-gillis-KdeqA3aTnBY-unsplash-scaled.jpg 2560w, https:\/\/telico.ca\/fr\/wp-content\/uploads\/2023\/04\/dylan-gillis-KdeqA3aTnBY-unsplash-1200x800.jpg 1200w, https:\/\/telico.ca\/fr\/wp-content\/uploads\/2023\/04\/dylan-gillis-KdeqA3aTnBY-unsplash-1920x1280.jpg 1920w, https:\/\/telico.ca\/fr\/wp-content\/uploads\/2023\/04\/dylan-gillis-KdeqA3aTnBY-unsplash-768x512.jpg 768w, https:\/\/telico.ca\/fr\/wp-content\/uploads\/2023\/04\/dylan-gillis-KdeqA3aTnBY-unsplash-1536x1024.jpg 1536w, https:\/\/telico.ca\/fr\/wp-content\/uploads\/2023\/04\/dylan-gillis-KdeqA3aTnBY-unsplash-2048x1365.jpg 2048w\" sizes=\"(max-width: 2560px) 100vw, 2560px\" \/><div class=\"wp-block-cover__inner-container\">\n<p class=\"has-text-align-left is-style-leading-paragraph\" style=\"font-style:normal;font-weight:400\"><br>&#8220;Je dois remercier Telico d&#8217;avoir rendu ma vie beaucoup plus facile avec des produits abordables. De plus, le fait que le processus \u00e9tait simple et fonctionnait sans probl\u00e8me est un atout suppl\u00e9mentaire. L&#8217;\u00e9quipe de soutien a rendu cela possible.&#8221;<\/p>\n\n\n\n<div class=\"wp-block-columns is-style-homepage-communication-bottom is-layout-flex wp-container-23\">\n<div class=\"wp-block-column is-layout-flow\" style=\"flex-basis:50%\">\n<p><mark style=\"background-color:rgba(0, 0, 0, 0)\" class=\"has-inline-color has-primary-color\">Ryan R.<\/mark><br>Owner, Tech Company<\/p>\n<\/div>\n\n\n\n<div class=\"wp-block-column is-layout-flow\" style=\"flex-basis:50%\">\n<div class=\"wp-block-buttons is-content-justification-right is-layout-flex wp-container-21\">\n<div class=\"wp-block-button\"><a class=\"wp-block-button__link has-background-background-color has-background wp-element-button\" href=\"https:\/\/telico.ca\/fr\/contact\/\"><span class=\"wp-block-button__link-doodad\"><svg xmlns=\"http:\/\/www.w3.org\/2000\/svg\" viewBox=\"0 0 14 21\" width=\"14\" height=\"21\"><g fill=\"currentColor\"><circle cx=\"10.5\" cy=\"10.5\" r=\"3.5\"\/><circle cx=\"3.5\" cy=\"3.5\" r=\"3.5\"\/><circle cx=\"3.5\" cy=\"17.5\" r=\"3.5\"\/><\/g><\/svg><\/span>Contactez-nous<\/a><\/div>\n<\/div>\n<\/div>\n<\/div>\n<\/div><\/div>\n","protected":false},"excerpt":{"rendered":"<p>N\u00e9 \u00e0 Montr\u00e9al, Qu\u00e9bec Notre vision est simple : favoriser un avenir plus inclusif et connect\u00e9, et les syst\u00e8mes t\u00e9l\u00e9phoniques bas\u00e9s sur le cloud sont simplement notre moyen d&#8217;y parvenir. Pas notre raison d&#8217;\u00eatre. Nous d\u00e9fendons les technologies de communication \u00e9mergentes, conscients de leur pouvoir de transformer non seulement le paysage num\u00e9rique, mais aussi notre [&hellip;]<\/p>\n","protected":false},"author":1,"featured_media":0,"parent":0,"menu_order":50,"comment_status":"closed","ping_status":"closed","template":"","meta":[],"acf":[],"yoast_head":"<!-- This site is optimized with the Yoast SEO plugin v20.8 - https:\/\/yoast.com\/wordpress\/plugins\/seo\/ -->\n<title>Nous sommes Telico | Fournisseur de t\u00e9l\u00e9phones bas\u00e9s sur le cloud \u00e0 travers le Canada<\/title>\n<meta name=\"description\" content=\"Salut, nous sommes Telico, le fournisseur VoIP de choix au Canada. Nous proposons des syst\u00e8mes t\u00e9l\u00e9phoniques bas\u00e9s sur le cloud pour les entreprises qui cherchent \u00e0 construire un avenir plus immersif.\" \/>\n<meta name=\"robots\" content=\"index, follow, max-snippet:-1, max-image-preview:large, max-video-preview:-1\" \/>\n<link rel=\"canonical\" href=\"https:\/\/telico.ca\/fr\/a-propos\/\" \/>\n<meta property=\"og:locale\" content=\"en_US\" \/>\n<meta property=\"og:type\" content=\"article\" \/>\n<meta property=\"og:title\" content=\"Nous sommes Telico | Fournisseur de t\u00e9l\u00e9phones bas\u00e9s sur le cloud \u00e0 travers le Canada\" \/>\n<meta property=\"og:description\" content=\"Salut, nous sommes Telico, le fournisseur VoIP de choix au Canada. Nous proposons des syst\u00e8mes t\u00e9l\u00e9phoniques bas\u00e9s sur le cloud pour les entreprises qui cherchent \u00e0 construire un avenir plus immersif.\" \/>\n<meta property=\"og:url\" content=\"https:\/\/telico.ca\/fr\/a-propos\/\" \/>\n<meta property=\"og:site_name\" content=\"Telico\" \/>\n<meta property=\"article:modified_time\" content=\"2025-04-06T21:47:02+00:00\" \/>\n<meta property=\"og:image\" content=\"https:\/\/telico.ca\/fr\/wp-content\/uploads\/2023\/04\/Telico-AboutUs-Hero.jpg\" \/>\n<meta name=\"twitter:card\" content=\"summary_large_image\" \/>\n<meta name=\"twitter:label1\" content=\"Est. reading time\" \/>\n\t<meta name=\"twitter:data1\" content=\"4 minutes\" \/>\n<script type=\"application\/ld+json\" class=\"yoast-schema-graph\">{\"@context\":\"https:\/\/schema.org\",\"@graph\":[{\"@type\":\"WebPage\",\"@id\":\"https:\/\/telico.ca\/fr\/a-propos\/\",\"url\":\"https:\/\/telico.ca\/fr\/a-propos\/\",\"name\":\"Nous sommes Telico | Fournisseur de t\u00e9l\u00e9phones bas\u00e9s sur le cloud \u00e0 travers le Canada\",\"isPartOf\":{\"@id\":\"https:\/\/telico.ca\/fr\/#website\"},\"datePublished\":\"2023-04-17T20:25:36+00:00\",\"dateModified\":\"2025-04-06T21:47:02+00:00\",\"description\":\"Salut, nous sommes Telico, le fournisseur VoIP de choix au Canada. Nous proposons des syst\u00e8mes t\u00e9l\u00e9phoniques bas\u00e9s sur le cloud pour les entreprises qui cherchent \u00e0 construire un avenir plus immersif.\",\"breadcrumb\":{\"@id\":\"https:\/\/telico.ca\/fr\/a-propos\/#breadcrumb\"},\"inLanguage\":\"en-US\",\"potentialAction\":[{\"@type\":\"ReadAction\",\"target\":[\"https:\/\/telico.ca\/fr\/a-propos\/\"]}]},{\"@type\":\"BreadcrumbList\",\"@id\":\"https:\/\/telico.ca\/fr\/a-propos\/#breadcrumb\",\"itemListElement\":[{\"@type\":\"ListItem\",\"position\":1,\"name\":\"Page d'accueil\",\"item\":\"https:\/\/telico.ca\/fr\/\"},{\"@type\":\"ListItem\",\"position\":2,\"name\":\"\u00c0 Propos\"}]},{\"@type\":\"WebSite\",\"@id\":\"https:\/\/telico.ca\/fr\/#website\",\"url\":\"https:\/\/telico.ca\/fr\/\",\"name\":\"Telico\",\"description\":\"\",\"publisher\":{\"@id\":\"https:\/\/telico.ca\/fr\/#organization\"},\"potentialAction\":[{\"@type\":\"SearchAction\",\"target\":{\"@type\":\"EntryPoint\",\"urlTemplate\":\"https:\/\/telico.ca\/fr\/?s={search_term_string}\"},\"query-input\":\"required name=search_term_string\"}],\"inLanguage\":\"en-US\"},{\"@type\":\"Organization\",\"@id\":\"https:\/\/telico.ca\/fr\/#organization\",\"name\":\"Telico\",\"url\":\"https:\/\/telico.ca\/fr\/\",\"logo\":{\"@type\":\"ImageObject\",\"inLanguage\":\"en-US\",\"@id\":\"https:\/\/telico.ca\/fr\/#\/schema\/logo\/image\/\",\"url\":\"https:\/\/telico.ca\/fr\/wp-content\/uploads\/2023\/04\/lg.png\",\"contentUrl\":\"https:\/\/telico.ca\/fr\/wp-content\/uploads\/2023\/04\/lg.png\",\"width\":252,\"height\":58,\"caption\":\"Telico\"},\"image\":{\"@id\":\"https:\/\/telico.ca\/fr\/#\/schema\/logo\/image\/\"}}]}<\/script>\n<!-- \/ Yoast SEO plugin. -->","yoast_head_json":{"title":"Nous sommes Telico | Fournisseur de t\u00e9l\u00e9phones bas\u00e9s sur le cloud \u00e0 travers le Canada","description":"Salut, nous sommes Telico, le fournisseur VoIP de choix au Canada. Nous proposons des syst\u00e8mes t\u00e9l\u00e9phoniques bas\u00e9s sur le cloud pour les entreprises qui cherchent \u00e0 construire un avenir plus immersif.","robots":{"index":"index","follow":"follow","max-snippet":"max-snippet:-1","max-image-preview":"max-image-preview:large","max-video-preview":"max-video-preview:-1"},"canonical":"https:\/\/telico.ca\/fr\/a-propos\/","og_locale":"en_US","og_type":"article","og_title":"Nous sommes Telico | Fournisseur de t\u00e9l\u00e9phones bas\u00e9s sur le cloud \u00e0 travers le Canada","og_description":"Salut, nous sommes Telico, le fournisseur VoIP de choix au Canada. Nous proposons des syst\u00e8mes t\u00e9l\u00e9phoniques bas\u00e9s sur le cloud pour les entreprises qui cherchent \u00e0 construire un avenir plus immersif.","og_url":"https:\/\/telico.ca\/fr\/a-propos\/","og_site_name":"Telico","article_modified_time":"2025-04-06T21:47:02+00:00","og_image":[{"url":"https:\/\/telico.ca\/fr\/wp-content\/uploads\/2023\/04\/Telico-AboutUs-Hero.jpg"}],"twitter_card":"summary_large_image","twitter_misc":{"Est. reading time":"4 minutes"},"schema":{"@context":"https:\/\/schema.org","@graph":[{"@type":"WebPage","@id":"https:\/\/telico.ca\/fr\/a-propos\/","url":"https:\/\/telico.ca\/fr\/a-propos\/","name":"Nous sommes Telico | Fournisseur de t\u00e9l\u00e9phones bas\u00e9s sur le cloud \u00e0 travers le Canada","isPartOf":{"@id":"https:\/\/telico.ca\/fr\/#website"},"datePublished":"2023-04-17T20:25:36+00:00","dateModified":"2025-04-06T21:47:02+00:00","description":"Salut, nous sommes Telico, le fournisseur VoIP de choix au Canada. Nous proposons des syst\u00e8mes t\u00e9l\u00e9phoniques bas\u00e9s sur le cloud pour les entreprises qui cherchent \u00e0 construire un avenir plus immersif.","breadcrumb":{"@id":"https:\/\/telico.ca\/fr\/a-propos\/#breadcrumb"},"inLanguage":"en-US","potentialAction":[{"@type":"ReadAction","target":["https:\/\/telico.ca\/fr\/a-propos\/"]}]},{"@type":"BreadcrumbList","@id":"https:\/\/telico.ca\/fr\/a-propos\/#breadcrumb","itemListElement":[{"@type":"ListItem","position":1,"name":"Page d'accueil","item":"https:\/\/telico.ca\/fr\/"},{"@type":"ListItem","position":2,"name":"\u00c0 Propos"}]},{"@type":"WebSite","@id":"https:\/\/telico.ca\/fr\/#website","url":"https:\/\/telico.ca\/fr\/","name":"Telico","description":"","publisher":{"@id":"https:\/\/telico.ca\/fr\/#organization"},"potentialAction":[{"@type":"SearchAction","target":{"@type":"EntryPoint","urlTemplate":"https:\/\/telico.ca\/fr\/?s={search_term_string}"},"query-input":"required name=search_term_string"}],"inLanguage":"en-US"},{"@type":"Organization","@id":"https:\/\/telico.ca\/fr\/#organization","name":"Telico","url":"https:\/\/telico.ca\/fr\/","logo":{"@type":"ImageObject","inLanguage":"en-US","@id":"https:\/\/telico.ca\/fr\/#\/schema\/logo\/image\/","url":"https:\/\/telico.ca\/fr\/wp-content\/uploads\/2023\/04\/lg.png","contentUrl":"https:\/\/telico.ca\/fr\/wp-content\/uploads\/2023\/04\/lg.png","width":252,"height":58,"caption":"Telico"},"image":{"@id":"https:\/\/telico.ca\/fr\/#\/schema\/logo\/image\/"}}]}},"_links":{"self":[{"href":"https:\/\/telico.ca\/fr\/wp-json\/wp\/v2\/pages\/152"}],"collection":[{"href":"https:\/\/telico.ca\/fr\/wp-json\/wp\/v2\/pages"}],"about":[{"href":"https:\/\/telico.ca\/fr\/wp-json\/wp\/v2\/types\/page"}],"author":[{"embeddable":true,"href":"https:\/\/telico.ca\/fr\/wp-json\/wp\/v2\/users\/1"}],"replies":[{"embeddable":true,"href":"https:\/\/telico.ca\/fr\/wp-json\/wp\/v2\/comments?post=152"}],"version-history":[{"count":41,"href":"https:\/\/telico.ca\/fr\/wp-json\/wp\/v2\/pages\/152\/revisions"}],"predecessor-version":[{"id":612,"href":"https:\/\/telico.ca\/fr\/wp-json\/wp\/v2\/pages\/152\/revisions\/612"}],"wp:attachment":[{"href":"https:\/\/telico.ca\/fr\/wp-json\/wp\/v2\/media?parent=152"}],"curies":[{"name":"wp","href":"https:\/\/api.w.org\/{rel}","templated":true}]}}